{"id":65,"date":"2016-10-02T01:36:30","date_gmt":"2016-10-01T23:36:30","guid":{"rendered":"http:\/\/muzeumpamieci.umk.pl\/?page_id=65"},"modified":"2021-10-22T09:42:17","modified_gmt":"2021-10-22T07:42:17","slug":"czytelnia","status":"publish","type":"page","link":"https:\/\/muzeumpamieci.umk.pl\/?page_id=65","title":{"rendered":"CZYTELNIA"},"content":{"rendered":"<p>Czytelnia jest miejscem, w kt\u00f3rym publikujemy r\u00f3\u017cnego rodzaju teksty naukowe i popularnonaukowe, komentarze i relacje z naszych spotka\u0144 naukowych i seminari\u00f3w muzealniczych.<\/p>\n<p>Zach\u0119camy do wsp\u00f3\u0142pracy wszystkich zainteresowanych muzealnik\u00f3w, historyk\u00f3w i historyk\u00f3w sztuki, specjalist\u00f3w z innych dziedzin zainteresowanych problematyk\u0105 muzealn\u0105 do przesy\u0142ania swoich tekst\u00f3w, kt\u00f3re z ch\u0119ci\u0105 opublikujemy na naszym portalu. Szczeg\u00f3\u0142y znajdziecie Pa\u0144stwo w zak\u0142adce <a href=\"http:\/\/muzeumpamieci.umk.pl\/?page_id=68\">WSP\u00d3\u0141PRACA<\/a>.<\/p>\n<hr \/>\n<p>2020<\/p>\n<ul>\n<li><strong>Ma\u0142gorzata Baka, <\/strong><a href=\"http:\/\/muzeumpamieci.umk.pl\/?p=6886\"><em>Narracje wystaw historycznych i artystycznych w Galicji Zachodniej<\/em> <\/a>[25.12.2020]<\/li>\n<li><strong>Micha\u0142 F. Wo\u017aniak<\/strong>, <a href=\"http:\/\/muzeumpamieci.umk.pl\/?p=6895\"><em>Wzory sztuki \u015bredniowiecznej i z epoki Odrodzenia<\/em><\/a> [22.10.2020]<\/li>\n<li><strong>Katarzyna Czepiel, <i><span style=\"font-weight: 400;\"><a href=\"http:\/\/muzeumpamieci.umk.pl\/?p=6884\">VI-a Wystawa Doroczna: Salon 1909-1910: Warszawa, grudzie\u0144-stycze\u0144<\/a>\u00a0<\/span><\/i><span style=\"font-weight: 400;\">[20.09.2020]<\/span><\/strong><\/li>\n<li><strong>Ewelina Bednarz<\/strong>, <a href=\"http:\/\/muzeumpamieci.umk.pl\/?p=6888\"><em>Eskpozycje sprz\u0119t\u00f3w i przemys\u0142u liturgicznego<\/em><\/a> [9.07.2020]<\/li>\n<li><span style=\"font-weight: 400;\"><strong>Tomasz de Rosset<\/strong>,<\/span><a href=\"http:\/\/muzeumpamieci.umk.pl\/?p=6882\"><i><span style=\"font-weight: 400;\"> Sekcja Polska Muzeum Mi\u0119dzynarodowego w Brukseli<\/span><\/i><\/a><span style=\"font-weight: 400;\"> [16.05.2020]<\/span><\/li>\n<li><strong>Ma\u0142gorzata Baka,<\/strong>\u00a0<em><a href=\"https:\/\/www.academia.edu\/44354279\/Potencja%C5%82_wykorzystania_muzealnych_zasob%C3%B3w_cyfrowych_w_badania_dziedzictwa_kulturowego_kilka_refleksji_The_potential_of_using_museum_digital_resources_in_the_dissemination_of_knowledge_about_cultural_heritage?source=swp_share\" target=\"_blank\" rel=\"noopener noreferrer\">Potencja\u0142 wykorzystania muzealnych zasob\u00f3w cyfrowych w badaniu dziedzictwa kulturowego \u2013 kilka refleksji,<\/a>\u00a0<\/em>[w:] <em>Big Data w humanistyce i naukach spo\u0142ecznych<\/em>, red. Aneta Firlej-Buzon, Warszawa 2020, s. 163-181<\/li>\n<li><strong>Ma\u0142gorzata Baka, <\/strong><em><a href=\"http:\/\/muzeumpamieci.umk.pl\/?p=6057\">Co m\u00f3wi\u0105 statystyki social medi\u00f3w? (podsumowanie 2019 r.)<\/a>\u00a0<\/em>[16.03.2020]<\/li>\n<\/ul>\n<hr \/>\n<p>2019<\/p>\n<ul>\n<li><span style=\"font-weight: 400;\"><strong>Aldona To\u0142ysz,<\/strong><\/span> <i><span style=\"font-weight: 400;\"><a href=\"http:\/\/muzeumpamieci.umk.pl\/?p=5497\">Wystawy sztuki w Elbl\u0105gu<\/a>\u00a0<\/span><\/i><span style=\"font-weight: 400;\">[30.09.2019]<\/span><\/li>\n<li><span style=\"font-weight: 400;\"><strong>Micha\u0142 F. Wo\u017aniak<\/strong>, <\/span><i><span style=\"font-weight: 400;\"><a href=\"http:\/\/muzeumpamieci.umk.pl\/?p=6893\">Muzea i pomniki. O trzech pomnikach w by\u0142ej dzielnicy pruskiej i o ich zwi\u0105zkach z muzeam<\/a>i<\/span><\/i><span style=\"font-weight: 400;\"> [24.10.2019]\u00a0<\/span><\/li>\n<li><strong>Ma\u0142gorzata Baka<\/strong>, <a href=\"http:\/\/muzeumpamieci.umk.pl\/?p=5878\"><em>Wystawy teatralne do 1918 r.<\/em> <\/a>[19.10.2019]<\/li>\n<li><strong>Ma\u0142gorzata Wawrzak<\/strong>, <i><a href=\"https:\/\/muzealnictworocznik.com\/resources\/html\/article\/details?id=193653&amp;language=pl\">Mieczys\u0142aw Treter (1883-1943). Prekursor muzeologii polskiej<\/a>, <\/i>\u201eMuzealnictwo\u201d 2019, nr 60, NIMOZ Warszawa 2019 [data publikacji 25.09.2019, DOI: 10.5604\/01.3001.0013.5008]<\/li>\n<li><strong>Milena Wo\u017aniak-Koch,\u00a0<\/strong><a href=\"http:\/\/muzeumpamieci.umk.pl\/?p=5332\"><em>Kolekcja i \u201eMuzeum Staro\u017cytno\u015bci \u017bydowskich z daru Mathiasa Bersohna\u201d w Warszawie<\/em><\/a><strong>\u00a0<\/strong>[5.08.2019]<\/li>\n<li><strong>Micha\u0142 Mencfel,\u00a0<\/strong><em><a href=\"http:\/\/muzeumpamieci.umk.pl\/?p=5084\">\u201eMuzeum\u201d w XVIII wieku. Z dziej\u00f3w semantyki poj\u0119cia<\/a>\u00a0<\/em>[24.07.2019]<\/li>\n<li><strong>Aldona To\u0142ysz<\/strong>, <em><a href=\"http:\/\/muzeumpamieci.umk.pl\/?p=5077\">Muzeum Przemys\u0142u i Rolnictwa w Warszawie. Jedno muzeum \u2013 wiele instytucji<\/a>\u00a0<\/em>[21.07.2019]<\/li>\n<li><strong>Magdalena Mielnik,\u00a0<\/strong><em><a href=\"http:\/\/muzeumpamieci.umk.pl\/?p=5018\">Muzeum Rzemios\u0142a Artystycznego (Kunstgewerbemuseum) w Gda\u0144sku<\/a>\u00a0<\/em>[20.07.2019]<\/li>\n<li><strong>Ma\u0142gorzata Wawrzak,<em>\u00a0<\/em><\/strong><a href=\"http:\/\/muzeumpamieci.umk.pl\/?p=4944\"><em>Seweryn Udziela (1857-1937) i Muzeum Etnograficzne w Krakowie <\/em><\/a>[26.06.2019]<\/li>\n<li><strong>Agnieszka Murawska,\u00a0<\/strong><em><a href=\"http:\/\/muzeumpamieci.umk.pl\/?p=5043\">Seweryn Miel\u017cy\u0144ski \u2013 czy jedynie \u201ezas\u0142u\u017cony kolekcjoner\u201d?<\/a>\u00a0<\/em>[20.06.2019]<\/li>\n<li><strong>Dariusz D\u0105browski,\u00a0<\/strong><a href=\"http:\/\/muzeumpamieci.umk.pl\/?p=4750\"><em>Muzea prawos\u0142awne na ziemiach dawnej Rzeczypospolitej, cz. 1: Che\u0142m, W\u0142odzimierz (Wo\u0142y\u0144ski) i \u0141uck\u00a0<\/em><\/a>[12.05.2019]<\/li>\n<li><strong>Ma\u0142gorzata Wawrzak<\/strong>,\u00a0<em><a href=\"http:\/\/muzeumpamieci.umk.pl\/?p=5065\">Pocz\u0105tki Muzeum Tatrza\u0144skiego im. dr Tytusa Cha\u0142ubi\u0144skiego w Zakopanem<\/a>\u00a0<\/em>[11.04.2019]<\/li>\n<li><strong>Ma\u0142gorzata Baka, <\/strong><em><a href=\"http:\/\/muzeumpamieci.umk.pl\/?p=5191\">Muzea pogranicza &#8211; o muzeach pod zaborem austriackim<\/a>\u00a0<\/em>[10.02.2019]<\/li>\n<li><span style=\"font-weight: 400;\"><strong>Tomasz de Rosset<\/strong>, <\/span><a href=\"http:\/\/muzeumpamieci.umk.pl\/?p=6880\"><i><span style=\"font-weight: 400;\">Ksi\u0119ga go\u015bci Muzeum Adama Mickiewicza w Pary\u017cu <\/span><\/i><\/a><span style=\"font-weight: 400;\">[19.01.2019]<\/span><\/li>\n<\/ul>\n<hr \/>\n<p>2018<\/p>\n<ul>\n<li><a href=\"https:\/\/www.nimoz.pl\/files\/publications\/57\/Muzeum%20a%20pamiec%20internet.pdf\"><strong>KSI\u0104\u017bKA: Muzeum<em> a pami\u0119\u0107 \u2013 forma, produkcja, miejsce<\/em><\/strong><\/a> pod redakcj\u0105 Tomasza de Rosseta, Eweliny Bednarz Doiczmanowej oraz Aldony To\u0142ysz<\/li>\n<li><strong>Alicja Kilija\u0144ska<\/strong>,<a href=\"http:\/\/muzeumpamieci.umk.pl\/?p=3399\"><em>\u00a0O kolekcjach rzemios\u0142a artystycznego w Muzeum Techniczno-Przemys\u0142owym oraz Muzeum Narodowym w Krakowie do 1918 roku<\/em><\/a> [20.12.2018]<\/li>\n<li><strong>Ryszard Bobrow<\/strong>,\u00a0<a href=\"http:\/\/muzeumpamieci.umk.pl\/?p=3009\"><em>Pocz\u0105tki kolekcji sztuki dekoracyjnej w Muzeum Narodowym w Warszawie<\/em><\/a> [17.12.2018]<\/li>\n<li><strong>Piotr Birecki,<\/strong> <a href=\"http:\/\/muzeumpamieci.umk.pl\/?p=4537\"><i><span style=\"font-weight: 400;\">Czy w okresie mi\u0119dzywojennym protestanci mieli w\u0142asne muzeum?<\/span><\/i><\/a><em>\u00a0<\/em>[22.11.2018]<\/li>\n<li><strong>Tomasz de Rosset, <\/strong><a href=\"http:\/\/muzeumpamieci.umk.pl\/?p=4444\"><em>Muzeum Kraszewskiego<\/em><\/a> [12.11.2018]<\/li>\n<li><strong>Ma\u0142gorzata Wawrzak,<\/strong>\u00a0<em><a href=\"http:\/\/muzeumpamieci.umk.pl\/?p=7521\">Dary i darczy\u0144cy dla muze\u00f3w Polskiego Towarzystwa Krajoznawczego<\/a>\u00a0<\/em>[3.11.2018]<\/li>\n<li><strong>Piotr Daszkiewicz<\/strong>, <a href=\"http:\/\/muzeumpamieci.umk.pl\/?p=2979\"><em>Narodowe Muzeum Historii Naturalnej w Pary\u017cu- miejsce pami\u0119ci prac polskich przyrodnik\u00f3w XIX wieku<\/em><\/a> [29.10.2018]<\/li>\n<li><strong>Ma\u0142gorzata Baka,\u00a0<\/strong><em><a href=\"http:\/\/muzeumpamieci.umk.pl\/?p=4435\">Krakowskie \u015brodowisko muzealnik\u00f3w &#8211; zarys<\/a>\u00a0<\/em>[30.08.2018]<\/li>\n<li><strong>Grzegorz P. B\u0105biak<\/strong>, <a href=\"http:\/\/muzeumpamieci.umk.pl\/?p=2649\"><em>Muzeum Wojny i Pokoju w Lucernie<\/em><\/a> [23.08.2018]<\/li>\n<li><strong>Ma\u0142gorzata Piotrowska<\/strong>,<a href=\"http:\/\/muzeumpamieci.umk.pl\/?p=2969\"><em> Historia Muzeum w Piotrkowie Trybunalskim \u2013 zarys<\/em> <\/a>[22.06.2018]<\/li>\n<li><strong>Ma\u0142gorzata Wawrzak,\u00a0<\/strong><a href=\"http:\/\/muzeumpamieci.umk.pl\/?p=4437\"><em>Bronis\u0142aw Pi\u0142sudski (1866-1918) &#8211; wybitny etnograf i muzeolog \u00a0<\/em><\/a>[20.06.2018]<\/li>\n<li><strong>Monika Nowoci\u0144ska, Piotr Rog\u00f3lski<\/strong> (oprac.), <a href=\"http:\/\/muzeumpamieci.umk.pl\/?p=2964\"><em>Muzeum PTK w Radomiu (1908\u20131939)<\/em> <\/a>[19.06.2018]<\/li>\n<li><strong>Ma\u0142gorzata Taborska<\/strong>, <em><a href=\"http:\/\/muzeumpamieci.umk.pl\/?p=2940\">Muzeum Uniwersytetu Jagiello\u0144skiego \u2013 spadkobierca Gabinetu Archeologicznego J\u00f3zefa \u0141epkowskiego<\/a><\/em> [15.06.2018]<\/li>\n<li><strong>Aldona To\u0142ysz<\/strong>,\u00a0<a href=\"http:\/\/muzeumpamieci.umk.pl\/?p=2497\"><em>W s\u0142u\u017cbie higieny. Muzea i wystawy higieniczne do 1918 r. w Kr\u00f3lestwie Polskim<\/em><\/a> [1.06.2018]<\/li>\n<li><strong>Ewelina Bednarz Doiczmanowa<\/strong>, <a href=\"http:\/\/muzeumpamieci.umk.pl\/?p=2637\"><em>Muzeum Narodowe w Szczecinie \u2013 spadkobierca Museum der Stadt Stettin<\/em><\/a><em>\u00a0<\/em>[20.05.2018]<\/li>\n<li><strong>Aldona To\u0142ysz<\/strong>,\u00a0<a href=\"https:\/\/muzealnictworocznik.com\/resources\/html\/article\/details?id=169723\" target=\"_blank\" rel=\"noopener noreferrer\"><em>Muzea szkolne w Kr\u00f3lestwie Polskim &#8211; rozpoznanie problematyki<\/em><\/a>, Muzealnictwo, 2018, t. 59<\/li>\n<li><strong>Aldona To\u0142ysz<\/strong>,\u00a0<em><a href=\"http:\/\/muzeumpamieci.umk.pl\/?p=2541\">Odezwy i informacje prasowe jako jeden z element\u00f3w anga\u017cowania spo\u0142ecze\u0144stwa do udzia\u0142u w tworzeniu muze\u00f3w \u2013 na przyk\u0142adzie \u0142\u00f3dzkich instytucji<\/a>\u00a0<\/em>[25.02.2018]<\/li>\n<li><strong>Ma\u0142gorzata Baka<\/strong>, <a href=\"http:\/\/muzeumpamieci.umk.pl\/?p=4440\"><em>Doktora Bogus\u0142awa Mansfelda Katalog muze\u00f3w XIX i XX wieku<\/em><\/a> [12.03.2018]<\/li>\n<li><span style=\"font-weight: 400;\"><strong>Tomasz de Rosset<\/strong>, <\/span><a href=\"http:\/\/muzeumpamieci.umk.pl\/?p=6876\"><i><span style=\"font-weight: 400;\">Zamek w Montr\u00e9sor &#8211; polskie muzeum we Francji\u00a0 <\/span><\/i><\/a><span style=\"font-weight: 400;\">[14.02.2018]<\/span><\/li>\n<li><span style=\"font-weight: 400;\"><strong>Tomasz de Rosset<\/strong>,<\/span><i><span style=\"font-weight: 400;\"><a href=\"http:\/\/muzeumpamieci.umk.pl\/?p=6878\"> Muzeum Balzaka (mauzoleum-atelier-muzeum)<\/a>\u00a0<\/span><\/i><span style=\"font-weight: 400;\">[27.01.2018]<\/span><\/li>\n<\/ul>\n<ul>\n<li style=\"list-style-type: none;\"><\/li>\n<\/ul>\n<hr \/>\n<p>2017<\/p>\n<ul>\n<li><strong>Aldona To\u0142ysz<\/strong>,\u00a0<em><a href=\"http:\/\/muzeumpamieci.umk.pl\/?p=1402\">Wystawy krajowe na Mazowszu na prze\u0142omie XIX i XX wieku i ich wp\u0142yw na rozw\u00f3j muzealnictwa<\/a>\u00a0<\/em>[16.09.2017]<\/li>\n<li><strong>Ewelina Bednarz,\u00a0<\/strong><em><a href=\"http:\/\/muzeumpamieci.umk.pl\/?p=1741\">Przyczynek do bada\u0144 nad muzeami diecezjalnymi do 1918 r.<\/a>\u00a0<\/em>[14.09.2017]<\/li>\n<li><strong>Tomasz de Rosset, <\/strong><a href=\"http:\/\/muzeumpamieci.umk.pl\/?p=6874\"><em>Uwagi o znaczeniu dzie\u0142a sztuki jako obiektu muzealnego w dawnej kulturze polskiej <\/em><\/a>[7.09.2017]<\/li>\n<li><strong>Ma\u0142gorzata Baka,\u00a0<\/strong><em><a href=\"http:\/\/muzeumpamieci.umk.pl\/?p=1739\">Archiwum prof. Bogus\u0142awa Mansfelda &#8211; opracowanie wst\u0119pne kwerendy<\/a>\u00a0<\/em>[2.09.2017]<\/li>\n<li><strong>Aldona To\u0142ysz<\/strong>,\u00a0<em><a href=\"http:\/\/muzeumpamieci.umk.pl\/?p=1410\">Polskie muzea przed 1918 \u2013 pr\u00f3ba<\/a><\/em><a href=\"http:\/\/muzeumpamieci.umk.pl\/?p=1410\"> klasyfikacji<\/a>[23.06.2017]<\/li>\n<li><strong>Ma\u0142gorzata Baka<\/strong>, <a href=\"http:\/\/muzeumpamieci.umk.pl\/?p=1737\"><em>Czy mo\u017cemy m\u00f3wi\u0107 o muzeologii cyfrowej?<\/em><\/a> [19.06.2017]<\/li>\n<li><strong>Tomasz de Rosset<\/strong>,\u00a0<span style=\"font-weight: 400;\"><a href=\"http:\/\/muzeumpamieci.umk.pl\/?p=6890\"><em>Zbiory muzealne pa\u0142ac\u00f3w cesarskich w Warszawie<\/em><\/a> [8.05.2017]\u00a0<\/span><\/li>\n<li><strong>Ewelina Bednarz,\u00a0<\/strong><em><a href=\"http:\/\/muzeumpamieci.umk.pl\/?p=869\">\u201eMuzeum Pami\u0119ci\u201d \u2013 has\u0142o, kt\u00f3re przynios\u0142o nieoczekiwany odzew. Kilka s\u0142\u00f3w o aktywno\u015bci Projektu na Instagramie<\/a><\/em> [26.03.2017]<\/li>\n<li><strong>Agnieszka Kluczewska-W\u00f3jcik,<\/strong>\u00a0<em><a href=\"http:\/\/muzeumpamieci.umk.pl\/?p=1394\">Muzeum i kolekcja w refleksji Krzysztofa Pomiana<\/a>\u00a0<\/em>[9.03.2017]<\/li>\n<li><strong>Aldona To\u0142ysz<\/strong>, <a href=\"http:\/\/muzeumpamieci.umk.pl\/?p=695\"><em>O potrzebie zak\u0142adania muze\u00f3w<\/em><\/a> [3.03.2017]<\/li>\n<li><strong>Rados\u0142aw Bomba<\/strong>,\u00a0<em><a href=\"http:\/\/muzeumpamieci.umk.pl\/?p=577\">Humanistyka cyfrowa: geneza, definicje, praktyki\u00a0<\/a><\/em>[9.01.2017]<\/li>\n<li><strong>Ewelina Bednarz,\u00a0<\/strong><a href=\"http:\/\/muzeumpamieci.umk.pl\/?p=846\"><em>Digital Humanities Centres. Experiences and Perspectives<\/em><\/a> [2.01.2017]<\/li>\n<\/ul>\n<hr \/>\n<p>2016<\/p>\n<ul>\n<li><strong>Dariusz D\u0105browski<\/strong>,\u00a0<em><a href=\"http:\/\/muzeumpamieci.umk.pl\/?p=628\" target=\"_blank\" rel=\"noopener noreferrer\">Muzea w s\u0142u\u017cbie caratu na przyk\u0142adzie Cerkiewno-Archeologicznego Muzeum przy Che\u0142mskim Bractwie Bogurodzickim<\/a> <\/em>[18.12.2016]<\/li>\n<li><strong>Ma\u0142gorzata Wawrzak<\/strong>,\u00a0<em><a href=\"http:\/\/muzeumpamieci.umk.pl\/?p=626\" target=\"_blank\" rel=\"noopener noreferrer\">Studium muzeologiczne Mieczys\u0142awa Tretera. Pierwsza pr\u00f3ba monografii polskich muze\u00f3w publicznych u progu XX wieku<\/a>\u00a0<\/em>[12.12.2016]<\/li>\n<li><strong>Aldona To\u0142ysz,<\/strong><em>\u00a0<a href=\"http:\/\/muzeumpamieci.umk.pl\/?p=589\">&#8222;Odpowiednie da\u0107 rzeczy s\u0142owo\u201d &#8211; Przemiany w polskiej definicji 'muzeum&#8217; w XIX i XX wieku<\/a>\u00a0<\/em>[8.12.2016]<\/li>\n<li><strong>Piotr Oli\u0144ski,\u00a0<\/strong><a href=\"http:\/\/muzeumpamieci.umk.pl\/?p=706\"><em>Kilka uwag na temat po\u017cytk\u00f3w p\u0142yn\u0105cych z wiedzy archiwistycznej dla historyk\u00f3w sztuki <\/em><\/a>[26.11.2016]<\/li>\n<li><strong>Ewelina Bednarz,<\/strong>\u00a0<a href=\"http:\/\/muzeumpamieci.umk.pl\/?p=2098\"><em>\u201eMuzeum\u201d wed\u0142ug Kazimierza Malinowskiego<\/em><\/a>\u00a0[16.11.2016]<\/li>\n<li><strong>Ma\u0142gorzata Baka<em>,\u00a0<\/em><\/strong><em><a href=\"http:\/\/muzeumpamieci.umk.pl\/?p=623\" target=\"_blank\" rel=\"noopener noreferrer\">Muzeum w refleksji Wojciecha Gluzi\u0144skiego<\/a>\u00a0<\/em>[9.11.2016]<\/li>\n<li><strong>Kamila K\u0142udkiewicz<\/strong>,\u00a0<a href=\"http:\/\/muzeumpamieci.umk.pl\/?page_id=328\"><em>Polskie muzea prywatne w XIX wieku \u2013 kilka s\u0142\u00f3w o metodologii<\/em><\/a> [25.10.2016]<\/li>\n<li><strong>Micha\u0142 F. Wo\u017aniak<\/strong>,\u00a0<em><a href=\"http:\/\/muzeumpamieci.umk.pl\/?p=663\">Historyk sztuki w archiwum \u2013 kilka refleksji<\/a>\u00a0<\/em>[1.10.2016]<\/li>\n<li><strong>Tomasz F. de Rosset,<\/strong> <a href=\"http:\/\/muzeumpamieci.umk.pl\/?p=7578\"><em>Muzealnictwo a polityka: sp\u00f3r o muzeum narodowe w \u015brodowiskach emigracyjnych doby rozbior\u00f3w \u00a0<\/em><\/a>[30.09.2016]<\/li>\n<\/ul>\n","protected":false},"excerpt":{"rendered":"<p>Czytelnia jest miejscem, w kt\u00f3rym publikujemy r\u00f3\u017cnego rodzaju teksty naukowe i popularnonaukowe, komentarze i relacje z naszych spotka\u0144 naukowych i seminari\u00f3w muzealniczych. Zach\u0119camy do wsp\u00f3\u0142pracy wszystkich zainteresowanych muzealnik\u00f3w, historyk\u00f3w i historyk\u00f3w sztuki, specjalist\u00f3w z innych dziedzin zainteresowanych problematyk\u0105 muzealn\u0105 do przesy\u0142ania swoich tekst\u00f3w, kt\u00f3re z ch\u0119ci\u0105 opublikujemy na naszym portalu. Szczeg\u00f3\u0142y znajdziecie Pa\u0144stwo w zak\u0142adce&hellip; <\/p>\n","protected":false},"author":1,"featured_media":0,"parent":22,"menu_order":0,"comment_status":"closed","ping_status":"closed","template":"","meta":{"footnotes":""},"class_list":["post-65","page","type-page","status-publish","hentry"],"aioseo_notices":[],"_links":{"self":[{"href":"https:\/\/muzeumpamieci.umk.pl\/index.php?rest_route=\/wp\/v2\/pages\/65","targetHints":{"allow":["GET"]}}],"collection":[{"href":"https:\/\/muzeumpamieci.umk.pl\/index.php?rest_route=\/wp\/v2\/pages"}],"about":[{"href":"https:\/\/muzeumpamieci.umk.pl\/index.php?rest_route=\/wp\/v2\/types\/page"}],"author":[{"embeddable":true,"href":"https:\/\/muzeumpamieci.umk.pl\/index.php?rest_route=\/wp\/v2\/users\/1"}],"replies":[{"embeddable":true,"href":"https:\/\/muzeumpamieci.umk.pl\/index.php?rest_route=%2Fwp%2Fv2%2Fcomments&post=65"}],"version-history":[{"count":110,"href":"https:\/\/muzeumpamieci.umk.pl\/index.php?rest_route=\/wp\/v2\/pages\/65\/revisions"}],"predecessor-version":[{"id":8036,"href":"https:\/\/muzeumpamieci.umk.pl\/index.php?rest_route=\/wp\/v2\/pages\/65\/revisions\/8036"}],"up":[{"embeddable":true,"href":"https:\/\/muzeumpamieci.umk.pl\/index.php?rest_route=\/wp\/v2\/pages\/22"}],"wp:attachment":[{"href":"https:\/\/muzeumpamieci.umk.pl\/index.php?rest_route=%2Fwp%2Fv2%2Fmedia&parent=65"}],"curies":[{"name":"wp","href":"https:\/\/api.w.org\/{rel}","templated":true}]}}