{"id":26,"date":"2016-10-01T23:09:30","date_gmt":"2016-10-01T21:09:30","guid":{"rendered":"http:\/\/muzeumpamieci.umk.pl\/?page_id=26"},"modified":"2018-03-12T23:26:51","modified_gmt":"2018-03-12T22:26:51","slug":"aktualnosci","status":"publish","type":"page","link":"https:\/\/muzeumpamieci.umk.pl\/?page_id=26","title":{"rendered":"AKTUALNO\u015aCI"},"content":{"rendered":"<hr \/>\n<ul class=\"lcp_catlist\" id=\"lcp_instance_0\"><li><a href=\"https:\/\/muzeumpamieci.umk.pl\/?p=4228\">&#8222;Muzeum a pami\u0119\u0107&#8221; &#8211; pierwsza publikacja projektowa!<\/a><\/li><li><a href=\"https:\/\/muzeumpamieci.umk.pl\/?p=7507\">\u201eBy skre\u015bli\u0107 histori\u0119 naszych zbior\u00f3w\u201d. Polskie kolekcje artystyczne &#8211; nowa ksi\u0105\u017cka Tomasza de Rosseta<\/a><\/li><li><a href=\"https:\/\/muzeumpamieci.umk.pl\/?p=2835\">100 lat Niepodleg\u0142o\u015bci Polski<\/a><\/li><li><a href=\"https:\/\/muzeumpamieci.umk.pl\/?p=2127\">Artyku\u0142 Aldony To\u0142ysz na \u0142amach &#8222;Muzealnictwa&#8221;<\/a><\/li><li><a href=\"https:\/\/muzeumpamieci.umk.pl\/?p=3601\">CZYTELNIA: A. To\u0142ysz o muzeach o wystawach higieny<\/a><\/li><li><a href=\"https:\/\/muzeumpamieci.umk.pl\/?p=2205\">CZYTELNIA: Aldona To\u0142ysz &#8222;O potrzebie zak\u0142adania muze\u00f3w&#8221;<\/a><\/li><li><a href=\"https:\/\/muzeumpamieci.umk.pl\/?p=3582\">CZYTELNIA: Alicja Kilija\u0144ska o kolekcjach rzemios\u0142a artystycznego w muzeach krakowskich<\/a><\/li><li><a href=\"https:\/\/muzeumpamieci.umk.pl\/?p=2190\">CZYTELNIA: Artyku\u0142 Aldony To\u0142ysz o przemianach w definicji &#8222;muzeum&#8221;<\/a><\/li><li><a href=\"https:\/\/muzeumpamieci.umk.pl\/?p=2186\">CZYTELNIA: Artyku\u0142 Eweliny Bednarz o koncepcji muzeum wg Kazimierza Malinowskiego<\/a><\/li><li><a href=\"https:\/\/muzeumpamieci.umk.pl\/?p=2153\">CZYTELNIA: Artyku\u0142 Kamili K\u0142udkiewicz &#8222;Polskie muzea prywatne w XIX w.&#8221;<\/a><\/li><li><a href=\"https:\/\/muzeumpamieci.umk.pl\/?p=2184\">CZYTELNIA: Artyku\u0142 Ma\u0142gorzaty Baki o poj\u0119ciu muzeum w pismach Wojciecha Gluzi\u0144skiego<\/a><\/li><li><a href=\"https:\/\/muzeumpamieci.umk.pl\/?p=2149\">CZYTELNIA: Artyku\u0142 Micha\u0142a Wo\u017aniaka &#8222;Historyk sztuki w archiwum&#8221;<\/a><\/li><li><a href=\"https:\/\/muzeumpamieci.umk.pl\/?p=2196\">CZYTELNIA: Dariusz D\u0105browski o muzeum w Che\u0142mie (UK)<\/a><\/li><li><a href=\"https:\/\/muzeumpamieci.umk.pl\/?p=3604\">CZYTELNIA: E. Bednarz Doiczmanowa o muzeum w Szczecinie<\/a><\/li><li><a href=\"https:\/\/muzeumpamieci.umk.pl\/?p=2199\">CZYTELNIA: Ewelina Bednarz o Konferencji dotycz\u0105cej humanistyki cyfrowej<\/a><\/li><li><a href=\"https:\/\/muzeumpamieci.umk.pl\/?p=3590\">CZYTELNIA: G.P. B\u0105biak o Muzeum w Lucernie<\/a><\/li><li><a href=\"https:\/\/muzeumpamieci.umk.pl\/?p=3594\">CZYTELNIA: M. Nowo\u015bci\u0144ska i P. Rog\u00f3lski o muzeum w Radomiu<\/a><\/li><li><a href=\"https:\/\/muzeumpamieci.umk.pl\/?p=3592\">CZYTELNIA: M. Piotrowska o muzeum w Piotrkowie Trybunalskim<\/a><\/li><li><a href=\"https:\/\/muzeumpamieci.umk.pl\/?p=3598\">CZYTELNIA: M. Taborska o Muzeum UJ<\/a><\/li><li><a href=\"https:\/\/muzeumpamieci.umk.pl\/?p=2193\">CZYTELNIA: Ma\u0142gorzata Wawrzak o studium muzeologicznym Mieczys\u0142awa Tretera<\/a><\/li><li><a href=\"https:\/\/muzeumpamieci.umk.pl\/?p=3586\">CZYTELNIA: Piotr Daszkiewicz o Muzeum Historii Naturalnej w Pary\u017cu<\/a><\/li><li><a href=\"https:\/\/muzeumpamieci.umk.pl\/?p=2188\">CZYTELNIA: Piotr Oli\u0144ski o wiedzy archiwalnej<\/a><\/li><li><a href=\"https:\/\/muzeumpamieci.umk.pl\/?p=2202\">CZYTELNIA: Rados\u0142aw Bomba o definicji humanistyki cyfrowej<\/a><\/li><li><a href=\"https:\/\/muzeumpamieci.umk.pl\/?p=3584\">CZYTELNIA: Ryszard Bobrow o Kolekcjach sztuki dekoracyjnej w MN w Warszawie<\/a><\/li><li><a href=\"https:\/\/muzeumpamieci.umk.pl\/?p=2136\">Darczy\u0144cy polskich muze\u00f3w. Historia i wsp\u00f3\u0142czesno\u015b\u0107<\/a><\/li><li><a href=\"https:\/\/muzeumpamieci.umk.pl\/?p=929\">Digital Cultures Conference, Warszawa (25-27.09.2017)<\/a><\/li><li><a href=\"https:\/\/muzeumpamieci.umk.pl\/?p=846\">Ewelina BEDNARZ | Digital Humanities Centres. Experiences and Perspectives<\/a><\/li><li><a href=\"https:\/\/muzeumpamieci.umk.pl\/?p=4544\">Hommage \u00e0 Krzysztof Pomian<\/a><\/li><li><a href=\"https:\/\/muzeumpamieci.umk.pl\/?p=6820\">Humanistyka cyfrowa na Summer School: Cultures of Science and Art w Rzymie (IT)<\/a><\/li><li><a href=\"https:\/\/muzeumpamieci.umk.pl\/?p=6954\">I Seminarium Muzealnicze &#8211; podsumowanie<\/a><\/li><li><a href=\"https:\/\/muzeumpamieci.umk.pl\/?p=6956\">I Seminarium Muzealnicze &#8211; Terminologia i poj\u0119cie &#8222;muzeum&#8221;<\/a><\/li><li><a href=\"https:\/\/muzeumpamieci.umk.pl\/?p=920\">I Sympozjum Muzealnicze &#8211; podsumowanie<\/a><\/li><li><a href=\"https:\/\/muzeumpamieci.umk.pl\/?p=835\">I Sympozjum Muzealnicze (8-9.06.2017)<\/a><\/li><li><a href=\"https:\/\/muzeumpamieci.umk.pl\/?p=6972\">II Seminarium muzealnicze &#8211; podsumowanie<\/a><\/li><li><a href=\"https:\/\/muzeumpamieci.umk.pl\/?p=6964\">II Seminarium Muzealnicze &#8211; Prowadzenie prac archiwalnych i kwerend<\/a><\/li><li><a href=\"https:\/\/muzeumpamieci.umk.pl\/?p=131\">II Seminarium Muzealnicze: fotorelacja (1.10.2017)<\/a><\/li><li><a href=\"https:\/\/muzeumpamieci.umk.pl\/?p=4389\">II Sympozjum Muzealnicze &#8211; informacje<\/a><\/li><li><a href=\"https:\/\/muzeumpamieci.umk.pl\/?p=4046\">II SYMPOZJUM MUZEALNICZE &#8222;Muzeum wobec humanistyki cyfrowej&#8221; ju\u017c za miesi\u0105c!<\/a><\/li><li><a href=\"https:\/\/muzeumpamieci.umk.pl\/?p=460\">III Konferencja DARIAH-PL w Poznaniu (8-9.11.2016)<\/a><\/li><li><a href=\"https:\/\/muzeumpamieci.umk.pl\/?p=123\">III Seminarium Muzealnicze &#8211; program (15.10.2016)<\/a><\/li><li><a href=\"https:\/\/muzeumpamieci.umk.pl\/?p=315\">III Seminarium Muzealnicze: fotorelacja (15.10.2016)<\/a><\/li><li><a href=\"https:\/\/muzeumpamieci.umk.pl\/?p=1029\">IV Konferencja DARIAH-PL | &#8222;Humanistyka cyfrowa a instytucje dziedzictwa&#8221; 16-17.11.2017<\/a><\/li><li><a href=\"https:\/\/muzeumpamieci.umk.pl\/?p=2019\">IX Seminarium Muzealnicze o muzeach o\u015bwiatowych, szkolnych i uniwersyteckich<\/a><\/li><li><a href=\"https:\/\/muzeumpamieci.umk.pl\/?p=281\">Konferencja &#8222;Digital Humanities Centres: Experiences and Perspectives&#8221; w Warszawie (8-9.12.2016)<\/a><\/li><li><a href=\"https:\/\/muzeumpamieci.umk.pl\/?p=268\">Konferencja &#8222;Muzeum cyfrowe&#8221;, Warszawa, Muzeum Narodowe (19.10.2016)<\/a><\/li><li><a href=\"https:\/\/muzeumpamieci.umk.pl\/?p=5996\">Konferencja &#8222;Pami\u0119\u0107 wieloraka&#8230;&#8221; &#8211; podsumowanie<\/a><\/li><li><a href=\"https:\/\/muzeumpamieci.umk.pl\/?p=957\">Konferencja &#8222;Wizualizacja danych w humanistyce&#8221; w Toruniu (23-24.03.2017)<\/a><\/li><li><a href=\"https:\/\/muzeumpamieci.umk.pl\/?p=1450\">Konferencja \u201cMaking Cultural Heritage Data Accessible and Reusable: Finding Best Practices\u201d 19-20 .04.2018, Warszawa<\/a><\/li><li><a href=\"https:\/\/muzeumpamieci.umk.pl\/?p=1443\">Konferencja \u201eHumanistyka cyfrowa a instytucje dziedzictwa\u201d 16-17.11.2017<\/a><\/li><li><a href=\"https:\/\/muzeumpamieci.umk.pl\/?p=6574\">Konferencja DZIEDZICTWO KUNSTKAMERY? JAK POWSTAWA\u0141Y NASZE MUZEA w Muzeum Narodowym w Przemy\u015blu<\/a><\/li><li><a href=\"https:\/\/muzeumpamieci.umk.pl\/?p=6826\">Konferencja: Bildarchive w Dreznie<\/a><\/li><li><a href=\"https:\/\/muzeumpamieci.umk.pl\/?p=6818\">Konferencja: Raumdefinitionen \u2013 Stadtkonstruktionen \u2013 Architekturpraktiken in Mittel- und Osteuropa. Digital Humanities und die \u201aMessbarkeit\u2018 des NS-Regimes<\/a><\/li><li><a href=\"https:\/\/muzeumpamieci.umk.pl\/?p=6057\">Ma\u0142gorzata BAKA | Co m\u00f3wi\u0105 statystyki social medi\u00f3w? (podsumowanie 2019 r.)<\/a><\/li><li><a href=\"https:\/\/muzeumpamieci.umk.pl\/?p=7521\">Ma\u0142gorzata WAWRZAK | Dary i darczy\u0144cy muze\u00f3w Polskiego Towarzystwa Krajoznawczego<\/a><\/li><li><a href=\"https:\/\/muzeumpamieci.umk.pl\/?p=5599\">Mi\u0119dzynarodowa Konferencja Naukowa &#8222;Pami\u0119\u0107 wieloraka: pami\u0119ci muzealne na ziemiach Rzeczpospolitej w epoce rozbior\u00f3w&#8221;<\/a><\/li><li><a href=\"https:\/\/muzeumpamieci.umk.pl\/?p=9553\">Muzea krakowskie &#8211; o\u015b czasu<\/a><\/li><li><a href=\"https:\/\/muzeumpamieci.umk.pl\/?p=1424\">Muzeum a pami\u0119\u0107: pierwsza publikacja projektowa<\/a><\/li><li><a href=\"https:\/\/muzeumpamieci.umk.pl\/?p=1\">Muzeum w polskiej kulturze pami\u0119ci (do 1918 r.)&#8230;<\/a><\/li><li><a href=\"https:\/\/muzeumpamieci.umk.pl\/?p=5434\">Nab\u00f3r na konferencj\u0119 przed\u0142u\u017cony do 30. wrze\u015bnia!<\/a><\/li><li><a href=\"https:\/\/muzeumpamieci.umk.pl\/?p=3249\">Nowy Rok!<\/a><\/li><li><a href=\"https:\/\/muzeumpamieci.umk.pl\/?p=757\">Oferta pracy 1\/2017: GRAFIK<\/a><\/li><li><a href=\"https:\/\/muzeumpamieci.umk.pl\/?p=8936\">Panorama Siedmiogrodzka &#8211; odnaleziony fragment<\/a><\/li><li><a href=\"https:\/\/muzeumpamieci.umk.pl\/?p=464\">Po III Konferencji DARIAH-PL, Pozna\u0144 (8-9.11.2016)<\/a><\/li><li><a href=\"https:\/\/muzeumpamieci.umk.pl\/?p=3588\">Po XIV Seminarium Muzealniczym&#8230;<\/a><\/li><li><a href=\"https:\/\/muzeumpamieci.umk.pl\/?p=4475\">Pocz\u0105tki muzealnictwa bydgoskiego &#8211; artyku\u0142 prof. Micha\u0142a F. Wo\u017aniaka<\/a><\/li><li><a href=\"https:\/\/muzeumpamieci.umk.pl\/?p=6579\">Pomniki Muzealnictwa Polskiego 2: Muzeum Tatrza\u0144skie im. T. Cha\u0142ubi\u0144skiego w Zakopanem<\/a><\/li><li><a href=\"https:\/\/muzeumpamieci.umk.pl\/?p=2058\">Prezentacja projektu w Kujawsko-Pomorskiej Bibliotece Cyfrowej<\/a><\/li><li><a href=\"https:\/\/muzeumpamieci.umk.pl\/?p=4302\">Startuj\u0105 zapisy na Warsztaty w ramach IISympoMuz!<\/a><\/li><li><a href=\"https:\/\/muzeumpamieci.umk.pl\/?p=449\">Starujemy z CZYTELNI\u0104!<\/a><\/li><li><a href=\"https:\/\/muzeumpamieci.umk.pl\/?p=6824\">Stypendium na badania w ramach humanistyki cyfrowej w Moguncji!<\/a><\/li><li><a href=\"https:\/\/muzeumpamieci.umk.pl\/?p=6822\">Szko\u0142a letnia humanistyki cyfrowej w Wenecji!<\/a><\/li><li><a href=\"https:\/\/muzeumpamieci.umk.pl\/?p=655\">V Seminarium Muzealnicze &#8211; 25 II 2017 r.<\/a><\/li><li><a href=\"https:\/\/muzeumpamieci.umk.pl\/?p=6921\">V Seminarium Muzealnicze &#8211; podsumowanie<\/a><\/li><li><a href=\"https:\/\/muzeumpamieci.umk.pl\/?p=4542\">VIII Seminarium Muzealnicze<\/a><\/li><li><a href=\"https:\/\/muzeumpamieci.umk.pl\/?p=2069\">Warsztaty &#8222;Wprowadzenie do wizualizacji danych&#8221; MediaLab w Katowicach (26.05.2018)<\/a><\/li><li><a href=\"https:\/\/muzeumpamieci.umk.pl\/?p=4133\">Warsztaty IISympoMuz #2 D.M. Piotrowski i Omeka<\/a><\/li><li><a href=\"https:\/\/muzeumpamieci.umk.pl\/?p=4147\">Warsztaty IISympoMuz #3 I. Mrochen o dost\u0119pno\u015bci www<\/a><\/li><li><a href=\"https:\/\/muzeumpamieci.umk.pl\/?p=4290\">Warsztaty IISympoMuz #4 A. Janus &#8211; Muzea, technologie, odbiorcy<\/a><\/li><li><a href=\"https:\/\/muzeumpamieci.umk.pl\/?p=4296\">Warsztaty IISympoMuz #5 M. Wilkowski o narz\u0119dziach CLIRINu<\/a><\/li><li><a href=\"https:\/\/muzeumpamieci.umk.pl\/?p=4299\">Warsztaty IISympoMuz #6 A. de Rosset o bazach danych<\/a><\/li><li><a href=\"https:\/\/muzeumpamieci.umk.pl\/?p=4074\">Warsztaty na IISympoMuz #1 A. Krzy\u017canowska o standardach ewidencjonowania<\/a><\/li><li><a href=\"https:\/\/muzeumpamieci.umk.pl\/?p=5687\">Weso\u0142ych \u015awi\u0105t!<\/a><\/li><li><a href=\"https:\/\/muzeumpamieci.umk.pl\/?p=6203\">Weso\u0142ych \u015awi\u0105t!<\/a><\/li><li><a href=\"https:\/\/muzeumpamieci.umk.pl\/?p=3162\">Weso\u0142ych \u015awi\u0105t!!<\/a><\/li><li><a href=\"https:\/\/muzeumpamieci.umk.pl\/?p=1981\">Wielkanoc 2018<\/a><\/li><li><a href=\"https:\/\/muzeumpamieci.umk.pl\/?p=4699\">Wielkanoc 2019<\/a><\/li><li><a href=\"https:\/\/muzeumpamieci.umk.pl\/?p=7478\">Wyk\u0142ad Czwartkowy &#8222;Wersal P\u00f3\u0142nocy\u00a0za zamkni\u0119tymi drzwiami, czyli \u017cycie codzienne na bia\u0142ostockim dworze Izabeli z Poniatowskich Branickiej&#8221;<\/a><\/li><li><a href=\"https:\/\/muzeumpamieci.umk.pl\/?p=1455\">Wyk\u0142ad i warsztaty &#8222;Cyfrowe dokumentacje muzealne. Pami\u0119\u0107 w zero-jedynkowym \u015bwiecie&#8221; (16.12.2017)<\/a><\/li><li><a href=\"https:\/\/muzeumpamieci.umk.pl\/?p=7219\">Wyk\u0142ad online prof. Tomasza de Rosseta<\/a><\/li><li><a href=\"https:\/\/muzeumpamieci.umk.pl\/?p=6930\">X Seminarium Muzealnicze &#8211; sprawozdanie<\/a><\/li><li><a href=\"https:\/\/muzeumpamieci.umk.pl\/?p=2015\">X Seminarium Muzealnicze o muzeach krajoznawczych<\/a><\/li><li><a href=\"https:\/\/muzeumpamieci.umk.pl\/?p=2764\">XI Seminarium Muzealnicze: Muzea w kontek\u015bcie wyzna\u0144<\/a><\/li><li><a href=\"https:\/\/muzeumpamieci.umk.pl\/?p=2790\">XII Seminarium Muzealnicze o muzeach przyrodniczych<\/a><\/li><li><a href=\"https:\/\/muzeumpamieci.umk.pl\/?p=6939\">XIII Seminarium Muzealnicze &#8211; sprawozdanie<\/a><\/li><li><a href=\"https:\/\/muzeumpamieci.umk.pl\/?p=2910\">XIII Seminarium Muzealnicze: Muzea i kolekcje muzealne rzemios\u0142a artystycznego (XIX\/XX w.)<\/a><\/li><li><a href=\"https:\/\/muzeumpamieci.umk.pl\/?p=3383\">XIV SEMINARIUM MUZEALNICZE: o wystawach do 1918 r.<\/a><\/li><li><a href=\"https:\/\/muzeumpamieci.umk.pl\/?p=4576\">XV Seminarium Muzealnicze<\/a><\/li><li><a href=\"https:\/\/muzeumpamieci.umk.pl\/?p=4903\">XVII SEMINARIUM MUZEALNICZE: o muzealnikach i badaczach muze\u00f3w<\/a><\/li><li><a href=\"https:\/\/muzeumpamieci.umk.pl\/?p=4923\">XVII Seminarium Muzealnicze: o muzealnikach i badaczach muze\u00f3w<\/a><\/li><li><a href=\"https:\/\/muzeumpamieci.umk.pl\/?p=5505\">XVIII Seminarium muzealnicze &#8211; odwo\u0142ane!<\/a><\/li><li><a href=\"https:\/\/muzeumpamieci.umk.pl\/?p=5774\">XVIII SEMINARIUM MUZEALNICZE: o muzeach etnograficznych<\/a><\/li><li><a href=\"https:\/\/muzeumpamieci.umk.pl\/?p=5955\">Zako\u0144czyli\u015bmy #2SympoMuz&#8230;<\/a><\/li><li><a href=\"https:\/\/muzeumpamieci.umk.pl\/?p=5587\">Zaproszenie &#8211; promocja ksi\u0105\u017cki prof. J\u00f3zefa Poklewskiego<\/a><\/li><\/ul>\n<hr \/>\n<p>&nbsp;<\/p>\n","protected":false},"excerpt":{"rendered":"<p>&nbsp;<\/p>\n","protected":false},"author":1,"featured_media":0,"parent":0,"menu_order":0,"comment_status":"closed","ping_status":"closed","template":"","meta":{"footnotes":""},"class_list":["post-26","page","type-page","status-publish","hentry"],"aioseo_notices":[],"_links":{"self":[{"href":"https:\/\/muzeumpamieci.umk.pl\/index.php?rest_route=\/wp\/v2\/pages\/26","targetHints":{"allow":["GET"]}}],"collection":[{"href":"https:\/\/muzeumpamieci.umk.pl\/index.php?rest_route=\/wp\/v2\/pages"}],"about":[{"href":"https:\/\/muzeumpamieci.umk.pl\/index.php?rest_route=\/wp\/v2\/types\/page"}],"author":[{"embeddable":true,"href":"https:\/\/muzeumpamieci.umk.pl\/index.php?rest_route=\/wp\/v2\/users\/1"}],"replies":[{"embeddable":true,"href":"https:\/\/muzeumpamieci.umk.pl\/index.php?rest_route=%2Fwp%2Fv2%2Fcomments&post=26"}],"version-history":[{"count":6,"href":"https:\/\/muzeumpamieci.umk.pl\/index.php?rest_route=\/wp\/v2\/pages\/26\/revisions"}],"predecessor-version":[{"id":1764,"href":"https:\/\/muzeumpamieci.umk.pl\/index.php?rest_route=\/wp\/v2\/pages\/26\/revisions\/1764"}],"wp:attachment":[{"href":"https:\/\/muzeumpamieci.umk.pl\/index.php?rest_route=%2Fwp%2Fv2%2Fmedia&parent=26"}],"curies":[{"name":"wp","href":"https:\/\/api.w.org\/{rel}","templated":true}]}}